{"id":126,"date":"2018-03-03T13:28:16","date_gmt":"2018-03-03T12:28:16","guid":{"rendered":"https:\/\/www.ralf-krenzke.de\/brauen-mit-den-gruenen\/?page_id=126"},"modified":"2018-04-21T16:56:12","modified_gmt":"2018-04-21T15:56:12","slug":"fotogalerie","status":"publish","type":"page","link":"https:\/\/www.ralf-krenzke.de\/brauen-mit-den-gruenen\/fotogalerie\/","title":{"rendered":"Fotogalerie"},"content":{"rendered":"<p style=\"text-align: center;\">Vielen Dank an alle Teilnehmerinnen und Teilnehmer des Brauseminars mit den Gr\u00fcnen aus St. Leon-Rot am 20.04.2018 im Wersauer Hof. Wir hoffen es hat euch genauso viel Spa\u00df gemacht wie uns und ihr habt w\u00e4hrend dem Event etwas \u00fcber Bier und das Brauen gelernt. Der &#8222;Fotoblog&#8220; wird fortlaufend aktualisiert bis das edle Getr\u00e4nk seinen Weg in die Flaschen gefunden hat \ud83d\ude42<\/p>\n<style id=\"bwg-style-0\">    #bwg_container1_0 #bwg_container2_0 .bwg-container-0.bwg-standard-thumbnails {      width: 722px;              justify-content: center;        margin:0 auto !important;              background-color: rgba(255, 255, 255, 0.00);            padding-left: 2px;      padding-top: 2px;      max-width: 100%;            }        #bwg_container1_0 #bwg_container2_0 .bwg-container-0.bwg-standard-thumbnails .bwg-item {    justify-content: flex-start;      max-width: 240px;            width: 240px !important;          }    #bwg_container1_0 #bwg_container2_0 .bwg-container-0.bwg-standard-thumbnails .bwg-item a {       margin-right: 2px;       margin-bottom: 2px;    }    #bwg_container1_0 #bwg_container2_0 .bwg-container-0.bwg-standard-thumbnails .bwg-item0 {      padding: 0px;            background-color:rgba(255,255,255, 0.30);      border: 0px none #CCCCCC;      opacity: 1.00;      border-radius: 0;      box-shadow: ;    }    #bwg_container1_0 #bwg_container2_0 .bwg-container-0.bwg-standard-thumbnails .bwg-item1 img {      max-height: none;      max-width: none;      padding: 0 !important;    }        @media only screen and (min-width: 480px) {      #bwg_container1_0 #bwg_container2_0 .bwg-container-0.bwg-standard-thumbnails .bwg-item0 {        transition: all 0.3s ease 0s;-webkit-transition: all 0.3s ease 0s;      }      #bwg_container1_0 #bwg_container2_0 .bwg-container-0.bwg-standard-thumbnails .bwg-item0:hover {        -ms-transform: scale(1.08);        -webkit-transform: scale(1.08);        transform: scale(1.08);      }    }          #bwg_container1_0 #bwg_container2_0 .bwg-container-0.bwg-standard-thumbnails .bwg-item1 {      padding-top: 75%;    }        #bwg_container1_0 #bwg_container2_0 .bwg-container-0.bwg-standard-thumbnails .bwg-title2,    #bwg_container1_0 #bwg_container2_0 .bwg-container-0.bwg-standard-thumbnails .bwg-ecommerce2 {      color: #CCCCCC;      font-family: Ubuntu;      font-size: 16px;      font-weight: bold;      padding: 2px;      text-shadow: 0px 0px 0px #888888;      max-height: 100%;    }    #bwg_container1_0 #bwg_container2_0 .bwg-container-0.bwg-standard-thumbnails .bwg-thumb-description span {    color: #323A45;    font-family: Ubuntu;    font-size: 12px;    max-height: 100%;    word-wrap: break-word;    }    #bwg_container1_0 #bwg_container2_0 .bwg-container-0.bwg-standard-thumbnails .bwg-play-icon2 {      font-size: 32px;    }    #bwg_container1_0 #bwg_container2_0 .bwg-container-0.bwg-standard-thumbnails .bwg-ecommerce2 {      font-size: 19.2px;      color: #CCCCCC;    }    <\/style>    <div id=\"bwg_container1_0\"         class=\"bwg_container bwg_thumbnail bwg_thumbnails \"         data-right-click-protection=\"1\"         data-bwg=\"0\"         data-scroll=\"0\"         data-gallery-type=\"thumbnails\"         data-gallery-view-type=\"thumbnails\"         data-current-url=\"\/brauen-mit-den-gruenen\/wp-json\/wp\/v2\/pages\/126\"         data-lightbox-url=\"https:\/\/www.ralf-krenzke.de\/brauen-mit-den-gruenen\/wp-admin\/admin-ajax.php?action=GalleryBox&#038;current_view=0&#038;gallery_id=1&#038;tag=0&#038;theme_id=1&#038;shortcode_id=8&#038;sort_by=order&#038;order_by=asc&#038;current_url=%2Fbrauen-mit-den-gruenen%2Fwp-json%2Fwp%2Fv2%2Fpages%2F126\"         data-gallery-id=\"1\"         data-popup-width=\"800\"         data-popup-height=\"500\"         data-is-album=\"gallery\"         data-buttons-position=\"bottom\">      <div id=\"bwg_container2_0\">             <div id=\"ajax_loading_0\" class=\"bwg_loading_div_1\">      <div class=\"bwg_loading_div_2\">        <div class=\"bwg_loading_div_3\">          <div id=\"loading_div_0\" class=\"bwg_spider_ajax_loading\">          <\/div>        <\/div>      <\/div>    <\/div>            <form id=\"gal_front_form_0\"              class=\"bwg-hidden\"              method=\"post\"              action=\"#\"              data-current=\"0\"              data-shortcode-id=\"8\"              data-gallery-type=\"thumbnails\"              data-gallery-id=\"1\"              data-tag=\"0\"              data-album-id=\"0\"              data-theme-id=\"1\"              data-ajax-url=\"https:\/\/www.ralf-krenzke.de\/brauen-mit-den-gruenen\/wp-admin\/admin-ajax.php?action=bwg_frontend_data\">          <div id=\"bwg_container3_0\" class=\"bwg-background bwg-background-0\">                <div data-max-count=\"3\"         data-thumbnail-width=\"240\"         data-bwg=\"0\"         data-gallery-id=\"1\"         data-lightbox-url=\"https:\/\/www.ralf-krenzke.de\/brauen-mit-den-gruenen\/wp-admin\/admin-ajax.php?action=GalleryBox&amp;current_view=0&amp;gallery_id=1&amp;tag=0&amp;theme_id=1&amp;shortcode_id=8&amp;sort_by=order&amp;order_by=asc&amp;current_url=%2Fbrauen-mit-den-gruenen%2Fwp-json%2Fwp%2Fv2%2Fpages%2F126\"         id=\"bwg_thumbnails_0\"         class=\"bwg-container-0 bwg-thumbnails bwg-standard-thumbnails bwg-container bwg-border-box\">            <div class=\"bwg-item\">        <a class=\"bwg-a  bwg_lightbox\"  data-image-id=\"18\" href=\"https:\/\/www.ralf-krenzke.de\/brauen-mit-den-gruenen\/wp-content\/uploads\/photo-gallery\/1.jpg\" data-elementor-open-lightbox=\"no\">                <div class=\"bwg-item0 \">          <div class=\"bwg-item1 \">            <div class=\"bwg-item2\">              <img decoding=\"async\" class=\"skip-lazy bwg_standart_thumb_img_0 \"                   data-id=\"18\"                   data-width=\"375\"                   data-height=\"500\"                   data-src=\"https:\/\/www.ralf-krenzke.de\/brauen-mit-den-gruenen\/wp-content\/uploads\/photo-gallery\/thumb\/1.jpg\"                   src=\"https:\/\/www.ralf-krenzke.de\/brauen-mit-den-gruenen\/wp-content\/uploads\/photo-gallery\/thumb\/1.jpg\"                   alt=\"Unser Thema des Abends\"                   title=\"Unser Thema des Abends\" \/>            <\/div>            <div class=\"\">                                                      <\/div>          <\/div>        <\/div>                <div class=\"bwg-title1\"><div class=\"bwg-title2\">Unser Thema des Abends<\/div><\/div>        <\/a>              <\/div>            <div class=\"bwg-item\">        <a class=\"bwg-a  bwg_lightbox\"  data-image-id=\"27\" href=\"https:\/\/www.ralf-krenzke.de\/brauen-mit-den-gruenen\/wp-content\/uploads\/photo-gallery\/2.jpg\" data-elementor-open-lightbox=\"no\">                <div class=\"bwg-item0 \">          <div class=\"bwg-item1 \">            <div class=\"bwg-item2\">              <img decoding=\"async\" class=\"skip-lazy bwg_standart_thumb_img_0 \"                   data-id=\"27\"                   data-width=\"500\"                   data-height=\"375\"                   data-src=\"https:\/\/www.ralf-krenzke.de\/brauen-mit-den-gruenen\/wp-content\/uploads\/photo-gallery\/thumb\/2.jpg\"                   src=\"https:\/\/www.ralf-krenzke.de\/brauen-mit-den-gruenen\/wp-content\/uploads\/photo-gallery\/thumb\/2.jpg\"                   alt=\"Die &quot;Brauerei&quot;\"                   title=\"Die &quot;Brauerei&quot;\" \/>            <\/div>            <div class=\"\">                                                      <\/div>          <\/div>        <\/div>                <div class=\"bwg-title1\"><div class=\"bwg-title2\">Die \"Brauerei\"<\/div><\/div>        <\/a>              <\/div>            <div class=\"bwg-item\">        <a class=\"bwg-a  bwg_lightbox\"  data-image-id=\"17\" href=\"https:\/\/www.ralf-krenzke.de\/brauen-mit-den-gruenen\/wp-content\/uploads\/photo-gallery\/3.jpg\" data-elementor-open-lightbox=\"no\">                <div class=\"bwg-item0 \">          <div class=\"bwg-item1 \">            <div class=\"bwg-item2\">              <img decoding=\"async\" class=\"skip-lazy bwg_standart_thumb_img_0 \"                   data-id=\"17\"                   data-width=\"375\"                   data-height=\"500\"                   data-src=\"https:\/\/www.ralf-krenzke.de\/brauen-mit-den-gruenen\/wp-content\/uploads\/photo-gallery\/thumb\/3.jpg\"                   src=\"https:\/\/www.ralf-krenzke.de\/brauen-mit-den-gruenen\/wp-content\/uploads\/photo-gallery\/thumb\/3.jpg\"                   alt=\"Die Zutaten: Bio Hopfen, Malz und Hefe\"                   title=\"Die Zutaten: Bio Hopfen, Malz und Hefe\" \/>            <\/div>            <div class=\"\">                                                      <\/div>          <\/div>        <\/div>                <div class=\"bwg-title1\"><div class=\"bwg-title2\">Die Zutaten: Bio Hopfen, Malz und Hefe<\/div><\/div>        <\/a>              <\/div>            <div class=\"bwg-item\">        <a class=\"bwg-a  bwg_lightbox\"  data-image-id=\"28\" href=\"https:\/\/www.ralf-krenzke.de\/brauen-mit-den-gruenen\/wp-content\/uploads\/photo-gallery\/4.jpg\" data-elementor-open-lightbox=\"no\">                <div class=\"bwg-item0 \">          <div class=\"bwg-item1 \">            <div class=\"bwg-item2\">              <img decoding=\"async\" class=\"skip-lazy bwg_standart_thumb_img_0 \"                   data-id=\"28\"                   data-width=\"500\"                   data-height=\"375\"                   data-src=\"https:\/\/www.ralf-krenzke.de\/brauen-mit-den-gruenen\/wp-content\/uploads\/photo-gallery\/thumb\/4.jpg\"                   src=\"https:\/\/www.ralf-krenzke.de\/brauen-mit-den-gruenen\/wp-content\/uploads\/photo-gallery\/thumb\/4.jpg\"                   alt=\"Begr\u00fc\u00dfung durch Norbert\"                   title=\"Begr\u00fc\u00dfung durch Norbert\" \/>            <\/div>            <div class=\"\">                                                      <\/div>          <\/div>        <\/div>                <div class=\"bwg-title1\"><div class=\"bwg-title2\">Begr\u00fc\u00dfung durch Norbert<\/div><\/div>        <\/a>              <\/div>            <div class=\"bwg-item\">        <a class=\"bwg-a  bwg_lightbox\"  data-image-id=\"29\" href=\"https:\/\/www.ralf-krenzke.de\/brauen-mit-den-gruenen\/wp-content\/uploads\/photo-gallery\/5.jpg\" data-elementor-open-lightbox=\"no\">                <div class=\"bwg-item0 \">          <div class=\"bwg-item1 \">            <div class=\"bwg-item2\">              <img decoding=\"async\" class=\"skip-lazy bwg_standart_thumb_img_0 \"                   data-id=\"29\"                   data-width=\"500\"                   data-height=\"375\"                   data-src=\"https:\/\/www.ralf-krenzke.de\/brauen-mit-den-gruenen\/wp-content\/uploads\/photo-gallery\/thumb\/5.jpg\"                   src=\"https:\/\/www.ralf-krenzke.de\/brauen-mit-den-gruenen\/wp-content\/uploads\/photo-gallery\/thumb\/5.jpg\"                   alt=\"W\u00e4hrend der Begr\u00fc\u00dfung\"                   title=\"W\u00e4hrend der Begr\u00fc\u00dfung\" \/>            <\/div>            <div class=\"\">                                                      <\/div>          <\/div>        <\/div>                <div class=\"bwg-title1\"><div class=\"bwg-title2\">W\u00e4hrend der Begr\u00fc\u00dfung<\/div><\/div>        <\/a>              <\/div>            <div class=\"bwg-item\">        <a class=\"bwg-a  bwg_lightbox\"  data-image-id=\"25\" href=\"https:\/\/www.ralf-krenzke.de\/brauen-mit-den-gruenen\/wp-content\/uploads\/photo-gallery\/6.jpg?bwg=1524312207\" data-elementor-open-lightbox=\"no\">                <div class=\"bwg-item0 \">          <div class=\"bwg-item1 \">            <div class=\"bwg-item2\">              <img decoding=\"async\" class=\"skip-lazy bwg_standart_thumb_img_0 \"                   data-id=\"25\"                   data-width=\"375\"                   data-height=\"500\"                   data-src=\"https:\/\/www.ralf-krenzke.de\/brauen-mit-den-gruenen\/wp-content\/uploads\/photo-gallery\/thumb\/6.jpg?bwg=1524312207\"                   src=\"https:\/\/www.ralf-krenzke.de\/brauen-mit-den-gruenen\/wp-content\/uploads\/photo-gallery\/thumb\/6.jpg?bwg=1524312207\"                   alt=\"Was wird geboten - und was nicht\"                   title=\"Was wird geboten - und was nicht\" \/>            <\/div>            <div class=\"\">                                                      <\/div>          <\/div>        <\/div>                <div class=\"bwg-title1\"><div class=\"bwg-title2\">Was wird geboten - und was nicht<\/div><\/div>        <\/a>              <\/div>            <div class=\"bwg-item\">        <a class=\"bwg-a  bwg_lightbox\"  data-image-id=\"30\" href=\"https:\/\/www.ralf-krenzke.de\/brauen-mit-den-gruenen\/wp-content\/uploads\/photo-gallery\/7.jpg\" data-elementor-open-lightbox=\"no\">                <div class=\"bwg-item0 \">          <div class=\"bwg-item1 \">            <div class=\"bwg-item2\">              <img decoding=\"async\" class=\"skip-lazy bwg_standart_thumb_img_0 \"                   data-id=\"30\"                   data-width=\"375\"                   data-height=\"500\"                   data-src=\"https:\/\/www.ralf-krenzke.de\/brauen-mit-den-gruenen\/wp-content\/uploads\/photo-gallery\/thumb\/7.jpg\"                   src=\"https:\/\/www.ralf-krenzke.de\/brauen-mit-den-gruenen\/wp-content\/uploads\/photo-gallery\/thumb\/7.jpg\"                   alt=\"Die Agenda f\u00fcr den Abend\"                   title=\"Die Agenda f\u00fcr den Abend\" \/>            <\/div>            <div class=\"\">                                                      <\/div>          <\/div>        <\/div>                <div class=\"bwg-title1\"><div class=\"bwg-title2\">Die Agenda f\u00fcr den Abend<\/div><\/div>        <\/a>              <\/div>            <div class=\"bwg-item\">        <a class=\"bwg-a  bwg_lightbox\"  data-image-id=\"23\" href=\"https:\/\/www.ralf-krenzke.de\/brauen-mit-den-gruenen\/wp-content\/uploads\/photo-gallery\/8.jpg\" data-elementor-open-lightbox=\"no\">                <div class=\"bwg-item0 \">          <div class=\"bwg-item1 \">            <div class=\"bwg-item2\">              <img decoding=\"async\" class=\"skip-lazy bwg_standart_thumb_img_0 \"                   data-id=\"23\"                   data-width=\"500\"                   data-height=\"375\"                   data-src=\"https:\/\/www.ralf-krenzke.de\/brauen-mit-den-gruenen\/wp-content\/uploads\/photo-gallery\/thumb\/8.jpg\"                   src=\"https:\/\/www.ralf-krenzke.de\/brauen-mit-den-gruenen\/wp-content\/uploads\/photo-gallery\/thumb\/8.jpg\"                   alt=\"Ein bisschen Theorie muss sein\"                   title=\"Ein bisschen Theorie muss sein\" \/>            <\/div>            <div class=\"\">                                                      <\/div>          <\/div>        <\/div>                <div class=\"bwg-title1\"><div class=\"bwg-title2\">Ein bisschen Theorie muss sein<\/div><\/div>        <\/a>              <\/div>            <div class=\"bwg-item\">        <a class=\"bwg-a  bwg_lightbox\"  data-image-id=\"26\" href=\"https:\/\/www.ralf-krenzke.de\/brauen-mit-den-gruenen\/wp-content\/uploads\/photo-gallery\/9.jpg\" data-elementor-open-lightbox=\"no\">                <div class=\"bwg-item0 \">          <div class=\"bwg-item1 \">            <div class=\"bwg-item2\">              <img decoding=\"async\" class=\"skip-lazy bwg_standart_thumb_img_0 \"                   data-id=\"26\"                   data-width=\"500\"                   data-height=\"375\"                   data-src=\"https:\/\/www.ralf-krenzke.de\/brauen-mit-den-gruenen\/wp-content\/uploads\/photo-gallery\/thumb\/9.jpg\"                   src=\"https:\/\/www.ralf-krenzke.de\/brauen-mit-den-gruenen\/wp-content\/uploads\/photo-gallery\/thumb\/9.jpg\"                   alt=\"Malz in Theorie ...\"                   title=\"Malz in Theorie ...\" \/>            <\/div>            <div class=\"\">                                                      <\/div>          <\/div>        <\/div>                <div class=\"bwg-title1\"><div class=\"bwg-title2\">Malz in Theorie ...<\/div><\/div>        <\/a>              <\/div>            <div class=\"bwg-item\">        <a class=\"bwg-a  bwg_lightbox\"  data-image-id=\"12\" href=\"https:\/\/www.ralf-krenzke.de\/brauen-mit-den-gruenen\/wp-content\/uploads\/photo-gallery\/10.jpg\" data-elementor-open-lightbox=\"no\">                <div class=\"bwg-item0 \">          <div class=\"bwg-item1 \">            <div class=\"bwg-item2\">              <img decoding=\"async\" class=\"skip-lazy bwg_standart_thumb_img_0 \"                   data-id=\"12\"                   data-width=\"375\"                   data-height=\"500\"                   data-src=\"https:\/\/www.ralf-krenzke.de\/brauen-mit-den-gruenen\/wp-content\/uploads\/photo-gallery\/thumb\/10.jpg\"                   src=\"https:\/\/www.ralf-krenzke.de\/brauen-mit-den-gruenen\/wp-content\/uploads\/photo-gallery\/thumb\/10.jpg\"                   alt=\"... und Praxis\"                   title=\"... und Praxis\" \/>            <\/div>            <div class=\"\">                                                      <\/div>          <\/div>        <\/div>                <div class=\"bwg-title1\"><div class=\"bwg-title2\">... und Praxis<\/div><\/div>        <\/a>              <\/div>            <div class=\"bwg-item\">        <a class=\"bwg-a  bwg_lightbox\"  data-image-id=\"32\" href=\"https:\/\/www.ralf-krenzke.de\/brauen-mit-den-gruenen\/wp-content\/uploads\/photo-gallery\/11.jpg\" data-elementor-open-lightbox=\"no\">                <div class=\"bwg-item0 \">          <div class=\"bwg-item1 \">            <div class=\"bwg-item2\">              <img decoding=\"async\" class=\"skip-lazy bwg_standart_thumb_img_0 \"                   data-id=\"32\"                   data-width=\"500\"                   data-height=\"375\"                   data-src=\"https:\/\/www.ralf-krenzke.de\/brauen-mit-den-gruenen\/wp-content\/uploads\/photo-gallery\/thumb\/11.jpg\"                   src=\"https:\/\/www.ralf-krenzke.de\/brauen-mit-den-gruenen\/wp-content\/uploads\/photo-gallery\/thumb\/11.jpg\"                   alt=\"Unser vereinfachter Brauprozess\"                   title=\"Unser vereinfachter Brauprozess\" \/>            <\/div>            <div class=\"\">                                                      <\/div>          <\/div>        <\/div>                <div class=\"bwg-title1\"><div class=\"bwg-title2\">Unser vereinfachter Brauprozess<\/div><\/div>        <\/a>              <\/div>            <div class=\"bwg-item\">        <a class=\"bwg-a  bwg_lightbox\"  data-image-id=\"16\" href=\"https:\/\/www.ralf-krenzke.de\/brauen-mit-den-gruenen\/wp-content\/uploads\/photo-gallery\/12.jpg\" data-elementor-open-lightbox=\"no\">                <div class=\"bwg-item0 \">          <div class=\"bwg-item1 \">            <div class=\"bwg-item2\">              <img decoding=\"async\" class=\"skip-lazy bwg_standart_thumb_img_0 \"                   data-id=\"16\"                   data-width=\"375\"                   data-height=\"500\"                   data-src=\"https:\/\/www.ralf-krenzke.de\/brauen-mit-den-gruenen\/wp-content\/uploads\/photo-gallery\/thumb\/12.jpg\"                   src=\"https:\/\/www.ralf-krenzke.de\/brauen-mit-den-gruenen\/wp-content\/uploads\/photo-gallery\/thumb\/12.jpg\"                   alt=\"Und noch ein bisschen Theorie\"                   title=\"Und noch ein bisschen Theorie\" \/>            <\/div>            <div class=\"\">                                                      <\/div>          <\/div>        <\/div>                <div class=\"bwg-title1\"><div class=\"bwg-title2\">Und noch ein bisschen Theorie<\/div><\/div>        <\/a>              <\/div>            <div class=\"bwg-item\">        <a class=\"bwg-a  bwg_lightbox\"  data-image-id=\"15\" href=\"https:\/\/www.ralf-krenzke.de\/brauen-mit-den-gruenen\/wp-content\/uploads\/photo-gallery\/13.jpg\" data-elementor-open-lightbox=\"no\">                <div class=\"bwg-item0 \">          <div class=\"bwg-item1 \">            <div class=\"bwg-item2\">              <img decoding=\"async\" class=\"skip-lazy bwg_standart_thumb_img_0 \"                   data-id=\"15\"                   data-width=\"375\"                   data-height=\"500\"                   data-src=\"https:\/\/www.ralf-krenzke.de\/brauen-mit-den-gruenen\/wp-content\/uploads\/photo-gallery\/thumb\/13.jpg\"                   src=\"https:\/\/www.ralf-krenzke.de\/brauen-mit-den-gruenen\/wp-content\/uploads\/photo-gallery\/thumb\/13.jpg\"                   alt=\"Interessiertes Zuh\u00f6ren\"                   title=\"Interessiertes Zuh\u00f6ren\" \/>            <\/div>            <div class=\"\">                                                      <\/div>          <\/div>        <\/div>                <div class=\"bwg-title1\"><div class=\"bwg-title2\">Interessiertes Zuh\u00f6ren<\/div><\/div>        <\/a>              <\/div>            <div class=\"bwg-item\">        <a class=\"bwg-a  bwg_lightbox\"  data-image-id=\"14\" href=\"https:\/\/www.ralf-krenzke.de\/brauen-mit-den-gruenen\/wp-content\/uploads\/photo-gallery\/14.jpg\" data-elementor-open-lightbox=\"no\">                <div class=\"bwg-item0 \">          <div class=\"bwg-item1 \">            <div class=\"bwg-item2\">              <img decoding=\"async\" class=\"skip-lazy bwg_standart_thumb_img_0 \"                   data-id=\"14\"                   data-width=\"375\"                   data-height=\"500\"                   data-src=\"https:\/\/www.ralf-krenzke.de\/brauen-mit-den-gruenen\/wp-content\/uploads\/photo-gallery\/thumb\/14.jpg\"                   src=\"https:\/\/www.ralf-krenzke.de\/brauen-mit-den-gruenen\/wp-content\/uploads\/photo-gallery\/thumb\/14.jpg\"                   alt=\"Auch das Brauger\u00e4t wird erkl\u00e4rt ...\"                   title=\"Auch das Brauger\u00e4t wird erkl\u00e4rt ...\" \/>            <\/div>            <div class=\"\">                                                      <\/div>          <\/div>        <\/div>                <div class=\"bwg-title1\"><div class=\"bwg-title2\">Auch das Brauger\u00e4t wird erkl\u00e4rt ...<\/div><\/div>        <\/a>              <\/div>            <div class=\"bwg-item\">        <a class=\"bwg-a  bwg_lightbox\"  data-image-id=\"13\" href=\"https:\/\/www.ralf-krenzke.de\/brauen-mit-den-gruenen\/wp-content\/uploads\/photo-gallery\/15.jpg\" data-elementor-open-lightbox=\"no\">                <div class=\"bwg-item0 \">          <div class=\"bwg-item1 \">            <div class=\"bwg-item2\">              <img decoding=\"async\" class=\"skip-lazy bwg_standart_thumb_img_0 \"                   data-id=\"13\"                   data-width=\"375\"                   data-height=\"500\"                   data-src=\"https:\/\/www.ralf-krenzke.de\/brauen-mit-den-gruenen\/wp-content\/uploads\/photo-gallery\/thumb\/15.jpg\"                   src=\"https:\/\/www.ralf-krenzke.de\/brauen-mit-den-gruenen\/wp-content\/uploads\/photo-gallery\/thumb\/15.jpg\"                   alt=\"... und vorgef\u00fchrt\"                   title=\"... und vorgef\u00fchrt\" \/>            <\/div>            <div class=\"\">                                                      <\/div>          <\/div>        <\/div>                <div class=\"bwg-title1\"><div class=\"bwg-title2\">... und vorgef\u00fchrt<\/div><\/div>        <\/a>              <\/div>            <div class=\"bwg-item\">        <a class=\"bwg-a  bwg_lightbox\"  data-image-id=\"20\" href=\"https:\/\/www.ralf-krenzke.de\/brauen-mit-den-gruenen\/wp-content\/uploads\/photo-gallery\/20.jpg\" data-elementor-open-lightbox=\"no\">                <div class=\"bwg-item0 \">          <div class=\"bwg-item1 \">            <div class=\"bwg-item2\">              <img decoding=\"async\" class=\"skip-lazy bwg_standart_thumb_img_0 \"                   data-id=\"20\"                   data-width=\"500\"                   data-height=\"375\"                   data-src=\"https:\/\/www.ralf-krenzke.de\/brauen-mit-den-gruenen\/wp-content\/uploads\/photo-gallery\/thumb\/20.jpg\"                   src=\"https:\/\/www.ralf-krenzke.de\/brauen-mit-den-gruenen\/wp-content\/uploads\/photo-gallery\/thumb\/20.jpg\"                   alt=\"Endlich gehts mit dem Brauen los\"                   title=\"Endlich gehts mit dem Brauen los\" \/>            <\/div>            <div class=\"\">                                                      <\/div>          <\/div>        <\/div>                <div class=\"bwg-title1\"><div class=\"bwg-title2\">Endlich gehts mit dem Brauen los<\/div><\/div>        <\/a>              <\/div>            <div class=\"bwg-item\">        <a class=\"bwg-a  bwg_lightbox\"  data-image-id=\"11\" href=\"https:\/\/www.ralf-krenzke.de\/brauen-mit-den-gruenen\/wp-content\/uploads\/photo-gallery\/21.jpg\" data-elementor-open-lightbox=\"no\">                <div class=\"bwg-item0 \">          <div class=\"bwg-item1 \">            <div class=\"bwg-item2\">              <img decoding=\"async\" class=\"skip-lazy bwg_standart_thumb_img_0 \"                   data-id=\"11\"                   data-width=\"375\"                   data-height=\"500\"                   data-src=\"https:\/\/www.ralf-krenzke.de\/brauen-mit-den-gruenen\/wp-content\/uploads\/photo-gallery\/thumb\/21.jpg\"                   src=\"https:\/\/www.ralf-krenzke.de\/brauen-mit-den-gruenen\/wp-content\/uploads\/photo-gallery\/thumb\/21.jpg\"                   alt=\"Noch ist im Topf nur kochendes Wasser\"                   title=\"Noch ist im Topf nur kochendes Wasser\" \/>            <\/div>            <div class=\"\">                                                      <\/div>          <\/div>        <\/div>                <div class=\"bwg-title1\"><div class=\"bwg-title2\">Noch ist im Topf nur kochendes Wasser<\/div><\/div>        <\/a>              <\/div>            <div class=\"bwg-item\">        <a class=\"bwg-a  bwg_lightbox\"  data-image-id=\"24\" href=\"https:\/\/www.ralf-krenzke.de\/brauen-mit-den-gruenen\/wp-content\/uploads\/photo-gallery\/22.jpg\" data-elementor-open-lightbox=\"no\">                <div class=\"bwg-item0 \">          <div class=\"bwg-item1 \">            <div class=\"bwg-item2\">              <img decoding=\"async\" class=\"skip-lazy bwg_standart_thumb_img_0 \"                   data-id=\"24\"                   data-width=\"500\"                   data-height=\"375\"                   data-src=\"https:\/\/www.ralf-krenzke.de\/brauen-mit-den-gruenen\/wp-content\/uploads\/photo-gallery\/thumb\/22.jpg\"                   src=\"https:\/\/www.ralf-krenzke.de\/brauen-mit-den-gruenen\/wp-content\/uploads\/photo-gallery\/thumb\/22.jpg\"                   alt=\"Erkl\u00e4rung der n\u00e4chsten Schritte\"                   title=\"Erkl\u00e4rung der n\u00e4chsten Schritte\" \/>            <\/div>            <div class=\"\">                                                      <\/div>          <\/div>        <\/div>                <div class=\"bwg-title1\"><div class=\"bwg-title2\">Erkl\u00e4rung der n\u00e4chsten Schritte<\/div><\/div>        <\/a>              <\/div>            <div class=\"bwg-item\">        <a class=\"bwg-a  bwg_lightbox\"  data-image-id=\"8\" href=\"https:\/\/www.ralf-krenzke.de\/brauen-mit-den-gruenen\/wp-content\/uploads\/photo-gallery\/23.jpg\" data-elementor-open-lightbox=\"no\">                <div class=\"bwg-item0 \">          <div class=\"bwg-item1 \">            <div class=\"bwg-item2\">              <img decoding=\"async\" class=\"skip-lazy bwg_standart_thumb_img_0 \"                   data-id=\"8\"                   data-width=\"375\"                   data-height=\"500\"                   data-src=\"https:\/\/www.ralf-krenzke.de\/brauen-mit-den-gruenen\/wp-content\/uploads\/photo-gallery\/thumb\/23.jpg\"                   src=\"https:\/\/www.ralf-krenzke.de\/brauen-mit-den-gruenen\/wp-content\/uploads\/photo-gallery\/thumb\/23.jpg\"                   alt=\"Der Kanister mit dem Malzextrakt wird ge\u00f6ffnet\"                   title=\"Der Kanister mit dem Malzextrakt wird ge\u00f6ffnet\" \/>            <\/div>            <div class=\"\">                                                      <\/div>          <\/div>        <\/div>                <div class=\"bwg-title1\"><div class=\"bwg-title2\">Der Kanister mit dem Malzextrakt wird ge\u00f6ffnet<\/div><\/div>        <\/a>              <\/div>            <div class=\"bwg-item\">        <a class=\"bwg-a  bwg_lightbox\"  data-image-id=\"6\" href=\"https:\/\/www.ralf-krenzke.de\/brauen-mit-den-gruenen\/wp-content\/uploads\/photo-gallery\/24.jpg\" data-elementor-open-lightbox=\"no\">                <div class=\"bwg-item0 \">          <div class=\"bwg-item1 \">            <div class=\"bwg-item2\">              <img decoding=\"async\" class=\"skip-lazy bwg_standart_thumb_img_0 \"                   data-id=\"6\"                   data-width=\"375\"                   data-height=\"500\"                   data-src=\"https:\/\/www.ralf-krenzke.de\/brauen-mit-den-gruenen\/wp-content\/uploads\/photo-gallery\/thumb\/24.jpg\"                   src=\"https:\/\/www.ralf-krenzke.de\/brauen-mit-den-gruenen\/wp-content\/uploads\/photo-gallery\/thumb\/24.jpg\"                   alt=\"Zugabe von Malzextrakt\"                   title=\"Zugabe von Malzextrakt\" \/>            <\/div>            <div class=\"\">                                                      <\/div>          <\/div>        <\/div>                <div class=\"bwg-title1\"><div class=\"bwg-title2\">Zugabe von Malzextrakt<\/div><\/div>        <\/a>              <\/div>            <div class=\"bwg-item\">        <a class=\"bwg-a  bwg_lightbox\"  data-image-id=\"7\" href=\"https:\/\/www.ralf-krenzke.de\/brauen-mit-den-gruenen\/wp-content\/uploads\/photo-gallery\/25.jpg\" data-elementor-open-lightbox=\"no\">                <div class=\"bwg-item0 \">          <div class=\"bwg-item1 \">            <div class=\"bwg-item2\">              <img decoding=\"async\" class=\"skip-lazy bwg_standart_thumb_img_0 \"                   data-id=\"7\"                   data-width=\"375\"                   data-height=\"500\"                   data-src=\"https:\/\/www.ralf-krenzke.de\/brauen-mit-den-gruenen\/wp-content\/uploads\/photo-gallery\/thumb\/25.jpg\"                   src=\"https:\/\/www.ralf-krenzke.de\/brauen-mit-den-gruenen\/wp-content\/uploads\/photo-gallery\/thumb\/25.jpg\"                   alt=\"Die Menge muss stimmen\"                   title=\"Die Menge muss stimmen\" \/>            <\/div>            <div class=\"\">                                                      <\/div>          <\/div>        <\/div>                <div class=\"bwg-title1\"><div class=\"bwg-title2\">Die Menge muss stimmen<\/div><\/div>        <\/a>              <\/div>            <div class=\"bwg-item\">        <a class=\"bwg-a  bwg_lightbox\"  data-image-id=\"22\" href=\"https:\/\/www.ralf-krenzke.de\/brauen-mit-den-gruenen\/wp-content\/uploads\/photo-gallery\/26.jpg\" data-elementor-open-lightbox=\"no\">                <div class=\"bwg-item0 \">          <div class=\"bwg-item1 \">            <div class=\"bwg-item2\">              <img decoding=\"async\" class=\"skip-lazy bwg_standart_thumb_img_0 \"                   data-id=\"22\"                   data-width=\"500\"                   data-height=\"375\"                   data-src=\"https:\/\/www.ralf-krenzke.de\/brauen-mit-den-gruenen\/wp-content\/uploads\/photo-gallery\/thumb\/26.jpg\"                   src=\"https:\/\/www.ralf-krenzke.de\/brauen-mit-den-gruenen\/wp-content\/uploads\/photo-gallery\/thumb\/26.jpg\"                   alt=\"Immer gut r\u00fchren damit der Malz nicht anbrennt\"                   title=\"Immer gut r\u00fchren damit der Malz nicht anbrennt\" \/>            <\/div>            <div class=\"\">                                                      <\/div>          <\/div>        <\/div>                <div class=\"bwg-title1\"><div class=\"bwg-title2\">Immer gut r\u00fchren damit der Malz nicht anbrennt<\/div><\/div>        <\/a>              <\/div>            <div class=\"bwg-item\">        <a class=\"bwg-a  bwg_lightbox\"  data-image-id=\"10\" href=\"https:\/\/www.ralf-krenzke.de\/brauen-mit-den-gruenen\/wp-content\/uploads\/photo-gallery\/27.jpg\" data-elementor-open-lightbox=\"no\">                <div class=\"bwg-item0 \">          <div class=\"bwg-item1 \">            <div class=\"bwg-item2\">              <img decoding=\"async\" class=\"skip-lazy bwg_standart_thumb_img_0 \"                   data-id=\"10\"                   data-width=\"500\"                   data-height=\"500\"                   data-src=\"https:\/\/www.ralf-krenzke.de\/brauen-mit-den-gruenen\/wp-content\/uploads\/photo-gallery\/thumb\/27.jpg\"                   src=\"https:\/\/www.ralf-krenzke.de\/brauen-mit-den-gruenen\/wp-content\/uploads\/photo-gallery\/thumb\/27.jpg\"                   alt=\"Abwiegen der richtigen Hopfenmenge\"                   title=\"Abwiegen der richtigen Hopfenmenge\" \/>            <\/div>            <div class=\"\">                                                      <\/div>          <\/div>        <\/div>                <div class=\"bwg-title1\"><div class=\"bwg-title2\">Abwiegen der richtigen Hopfenmenge<\/div><\/div>        <\/a>              <\/div>            <div class=\"bwg-item\">        <a class=\"bwg-a  bwg_lightbox\"  data-image-id=\"9\" href=\"https:\/\/www.ralf-krenzke.de\/brauen-mit-den-gruenen\/wp-content\/uploads\/photo-gallery\/28.jpg\" data-elementor-open-lightbox=\"no\">                <div class=\"bwg-item0 \">          <div class=\"bwg-item1 \">            <div class=\"bwg-item2\">              <img decoding=\"async\" class=\"skip-lazy bwg_standart_thumb_img_0 \"                   data-id=\"9\"                   data-width=\"375\"                   data-height=\"500\"                   data-src=\"https:\/\/www.ralf-krenzke.de\/brauen-mit-den-gruenen\/wp-content\/uploads\/photo-gallery\/thumb\/28.jpg\"                   src=\"https:\/\/www.ralf-krenzke.de\/brauen-mit-den-gruenen\/wp-content\/uploads\/photo-gallery\/thumb\/28.jpg\"                   alt=\"Kein Bier ohne Hopfen\"                   title=\"Kein Bier ohne Hopfen\" \/>            <\/div>            <div class=\"\">                                                      <\/div>          <\/div>        <\/div>                <div class=\"bwg-title1\"><div class=\"bwg-title2\">Kein Bier ohne Hopfen<\/div><\/div>        <\/a>              <\/div>            <div class=\"bwg-item\">        <a class=\"bwg-a  bwg_lightbox\"  data-image-id=\"1\" href=\"https:\/\/www.ralf-krenzke.de\/brauen-mit-den-gruenen\/wp-content\/uploads\/photo-gallery\/30.jpg\" data-elementor-open-lightbox=\"no\">                <div class=\"bwg-item0 \">          <div class=\"bwg-item1 \">            <div class=\"bwg-item2\">              <img decoding=\"async\" class=\"skip-lazy bwg_standart_thumb_img_0 \"                   data-id=\"1\"                   data-width=\"375\"                   data-height=\"500\"                   data-src=\"https:\/\/www.ralf-krenzke.de\/brauen-mit-den-gruenen\/wp-content\/uploads\/photo-gallery\/thumb\/30.jpg\"                   src=\"https:\/\/www.ralf-krenzke.de\/brauen-mit-den-gruenen\/wp-content\/uploads\/photo-gallery\/thumb\/30.jpg\"                   alt=\"Nach dem Kochen wird gefiltert\"                   title=\"Nach dem Kochen wird gefiltert\" \/>            <\/div>            <div class=\"\">                                                      <\/div>          <\/div>        <\/div>                <div class=\"bwg-title1\"><div class=\"bwg-title2\">Nach dem Kochen wird gefiltert<\/div><\/div>        <\/a>              <\/div>            <div class=\"bwg-item\">        <a class=\"bwg-a  bwg_lightbox\"  data-image-id=\"5\" href=\"https:\/\/www.ralf-krenzke.de\/brauen-mit-den-gruenen\/wp-content\/uploads\/photo-gallery\/31.jpg\" data-elementor-open-lightbox=\"no\">                <div class=\"bwg-item0 \">          <div class=\"bwg-item1 \">            <div class=\"bwg-item2\">              <img decoding=\"async\" class=\"skip-lazy bwg_standart_thumb_img_0 \"                   data-id=\"5\"                   data-width=\"375\"                   data-height=\"500\"                   data-src=\"https:\/\/www.ralf-krenzke.de\/brauen-mit-den-gruenen\/wp-content\/uploads\/photo-gallery\/thumb\/31.jpg\"                   src=\"https:\/\/www.ralf-krenzke.de\/brauen-mit-den-gruenen\/wp-content\/uploads\/photo-gallery\/thumb\/31.jpg\"                   alt=\"Vorbereitung zum Filtern\"                   title=\"Vorbereitung zum Filtern\" \/>            <\/div>            <div class=\"\">                                                      <\/div>          <\/div>        <\/div>                <div class=\"bwg-title1\"><div class=\"bwg-title2\">Vorbereitung zum Filtern<\/div><\/div>        <\/a>              <\/div>            <div class=\"bwg-item\">        <a class=\"bwg-a  bwg_lightbox\"  data-image-id=\"21\" href=\"https:\/\/www.ralf-krenzke.de\/brauen-mit-den-gruenen\/wp-content\/uploads\/photo-gallery\/32.jpg?bwg=1524313078\" data-elementor-open-lightbox=\"no\">                <div class=\"bwg-item0 \">          <div class=\"bwg-item1 \">            <div class=\"bwg-item2\">              <img decoding=\"async\" class=\"skip-lazy bwg_standart_thumb_img_0 \"                   data-id=\"21\"                   data-width=\"375\"                   data-height=\"500\"                   data-src=\"https:\/\/www.ralf-krenzke.de\/brauen-mit-den-gruenen\/wp-content\/uploads\/photo-gallery\/thumb\/32.jpg?bwg=1524313078\"                   src=\"https:\/\/www.ralf-krenzke.de\/brauen-mit-den-gruenen\/wp-content\/uploads\/photo-gallery\/thumb\/32.jpg?bwg=1524313078\"                   alt=\"W\u00fcrzeentnahme mit Becher oder Zapfhahn\"                   title=\"W\u00fcrzeentnahme mit Becher oder Zapfhahn\" \/>            <\/div>            <div class=\"\">                                                      <\/div>          <\/div>        <\/div>                <div class=\"bwg-title1\"><div class=\"bwg-title2\">W\u00fcrzeentnahme mit Becher oder Zapfhahn<\/div><\/div>        <\/a>              <\/div>            <div class=\"bwg-item\">        <a class=\"bwg-a  bwg_lightbox\"  data-image-id=\"31\" href=\"https:\/\/www.ralf-krenzke.de\/brauen-mit-den-gruenen\/wp-content\/uploads\/photo-gallery\/33.jpg\" data-elementor-open-lightbox=\"no\">                <div class=\"bwg-item0 \">          <div class=\"bwg-item1 \">            <div class=\"bwg-item2\">              <img decoding=\"async\" class=\"skip-lazy bwg_standart_thumb_img_0 \"                   data-id=\"31\"                   data-width=\"375\"                   data-height=\"500\"                   data-src=\"https:\/\/www.ralf-krenzke.de\/brauen-mit-den-gruenen\/wp-content\/uploads\/photo-gallery\/thumb\/33.jpg\"                   src=\"https:\/\/www.ralf-krenzke.de\/brauen-mit-den-gruenen\/wp-content\/uploads\/photo-gallery\/thumb\/33.jpg\"                   alt=\"Gefiltert wird mit einem Leinentuch\"                   title=\"Gefiltert wird mit einem Leinentuch\" \/>            <\/div>            <div class=\"\">                                                      <\/div>          <\/div>        <\/div>                <div class=\"bwg-title1\"><div class=\"bwg-title2\">Gefiltert wird mit einem Leinentuch<\/div><\/div>        <\/a>              <\/div>            <div class=\"bwg-item\">        <a class=\"bwg-a  bwg_lightbox\"  data-image-id=\"2\" href=\"https:\/\/www.ralf-krenzke.de\/brauen-mit-den-gruenen\/wp-content\/uploads\/photo-gallery\/34.jpg\" data-elementor-open-lightbox=\"no\">                <div class=\"bwg-item0 \">          <div class=\"bwg-item1 \">            <div class=\"bwg-item2\">              <img decoding=\"async\" class=\"skip-lazy bwg_standart_thumb_img_0 \"                   data-id=\"2\"                   data-width=\"375\"                   data-height=\"500\"                   data-src=\"https:\/\/www.ralf-krenzke.de\/brauen-mit-den-gruenen\/wp-content\/uploads\/photo-gallery\/thumb\/34.jpg\"                   src=\"https:\/\/www.ralf-krenzke.de\/brauen-mit-den-gruenen\/wp-content\/uploads\/photo-gallery\/thumb\/34.jpg\"                   alt=\"Es riecht wie in einer Brauerei\"                   title=\"Es riecht wie in einer Brauerei\" \/>            <\/div>            <div class=\"\">                                                      <\/div>          <\/div>        <\/div>                <div class=\"bwg-title1\"><div class=\"bwg-title2\">Es riecht wie in einer Brauerei<\/div><\/div>        <\/a>              <\/div>            <div class=\"bwg-item\">        <a class=\"bwg-a  bwg_lightbox\"  data-image-id=\"3\" href=\"https:\/\/www.ralf-krenzke.de\/brauen-mit-den-gruenen\/wp-content\/uploads\/photo-gallery\/35.jpg\" data-elementor-open-lightbox=\"no\">                <div class=\"bwg-item0 \">          <div class=\"bwg-item1 \">            <div class=\"bwg-item2\">              <img decoding=\"async\" class=\"skip-lazy bwg_standart_thumb_img_0 \"                   data-id=\"3\"                   data-width=\"375\"                   data-height=\"500\"                   data-src=\"https:\/\/www.ralf-krenzke.de\/brauen-mit-den-gruenen\/wp-content\/uploads\/photo-gallery\/thumb\/35.jpg\"                   src=\"https:\/\/www.ralf-krenzke.de\/brauen-mit-den-gruenen\/wp-content\/uploads\/photo-gallery\/thumb\/35.jpg\"                   alt=\"Der Kessel ist fast leer\"                   title=\"Der Kessel ist fast leer\" \/>            <\/div>            <div class=\"\">                                                      <\/div>          <\/div>        <\/div>                <div class=\"bwg-title1\"><div class=\"bwg-title2\">Der Kessel ist fast leer<\/div><\/div>        <\/a>              <\/div>            <div class=\"bwg-item\">        <a class=\"bwg-a  bwg_lightbox\"  data-image-id=\"4\" href=\"https:\/\/www.ralf-krenzke.de\/brauen-mit-den-gruenen\/wp-content\/uploads\/photo-gallery\/36.jpg\" data-elementor-open-lightbox=\"no\">                <div class=\"bwg-item0 \">          <div class=\"bwg-item1 \">            <div class=\"bwg-item2\">              <img decoding=\"async\" class=\"skip-lazy bwg_standart_thumb_img_0 \"                   data-id=\"4\"                   data-width=\"375\"                   data-height=\"500\"                   data-src=\"https:\/\/www.ralf-krenzke.de\/brauen-mit-den-gruenen\/wp-content\/uploads\/photo-gallery\/thumb\/36.jpg\"                   src=\"https:\/\/www.ralf-krenzke.de\/brauen-mit-den-gruenen\/wp-content\/uploads\/photo-gallery\/thumb\/36.jpg\"                   alt=\"M\u00f6glichst alles in das Fass - ansonsten wird&#039;s klebrig\"                   title=\"M\u00f6glichst alles in das Fass - ansonsten wird&#039;s klebrig\" \/>            <\/div>            <div class=\"\">                                                      <\/div>          <\/div>        <\/div>                <div class=\"bwg-title1\"><div class=\"bwg-title2\">M\u00f6glichst alles in das Fass - ansonsten wird's klebrig<\/div><\/div>        <\/a>              <\/div>            <div class=\"bwg-item\">        <a class=\"bwg-a  bwg_lightbox\"  data-image-id=\"19\" href=\"https:\/\/www.ralf-krenzke.de\/brauen-mit-den-gruenen\/wp-content\/uploads\/photo-gallery\/37.jpg\" data-elementor-open-lightbox=\"no\">                <div class=\"bwg-item0 \">          <div class=\"bwg-item1 \">            <div class=\"bwg-item2\">              <img decoding=\"async\" class=\"skip-lazy bwg_standart_thumb_img_0 \"                   data-id=\"19\"                   data-width=\"375\"                   data-height=\"500\"                   data-src=\"https:\/\/www.ralf-krenzke.de\/brauen-mit-den-gruenen\/wp-content\/uploads\/photo-gallery\/thumb\/37.jpg\"                   src=\"https:\/\/www.ralf-krenzke.de\/brauen-mit-den-gruenen\/wp-content\/uploads\/photo-gallery\/thumb\/37.jpg\"                   alt=\"Bevor Hefe zugesetzt wird, muss die W\u00fcrze abk\u00fchlen\"                   title=\"Bevor Hefe zugesetzt wird, muss die W\u00fcrze abk\u00fchlen\" \/>            <\/div>            <div class=\"\">                                                      <\/div>          <\/div>        <\/div>                <div class=\"bwg-title1\"><div class=\"bwg-title2\">Bevor Hefe zugesetzt wird, muss die W\u00fcrze abk\u00fchlen<\/div><\/div>        <\/a>              <\/div>            <div class=\"bwg-item\">        <a class=\"bwg-a  bwg_lightbox\"  data-image-id=\"38\" href=\"https:\/\/www.ralf-krenzke.de\/brauen-mit-den-gruenen\/wp-content\/uploads\/photo-gallery\/40.jpg\" data-elementor-open-lightbox=\"no\">                <div class=\"bwg-item0 \">          <div class=\"bwg-item1 \">            <div class=\"bwg-item2\">              <img decoding=\"async\" class=\"skip-lazy bwg_standart_thumb_img_0 \"                   data-id=\"38\"                   data-width=\"500\"                   data-height=\"375\"                   data-src=\"https:\/\/www.ralf-krenzke.de\/brauen-mit-den-gruenen\/wp-content\/uploads\/photo-gallery\/thumb\/40.jpg\"                   src=\"https:\/\/www.ralf-krenzke.de\/brauen-mit-den-gruenen\/wp-content\/uploads\/photo-gallery\/thumb\/40.jpg\"                   alt=\"Der &quot;G\u00e4rkeller&quot;\"                   title=\"Der &quot;G\u00e4rkeller&quot;\" \/>            <\/div>            <div class=\"\">                                                      <\/div>          <\/div>        <\/div>                <div class=\"bwg-title1\"><div class=\"bwg-title2\">Der \"G\u00e4rkeller\"<\/div><\/div>        <\/a>              <\/div>            <div class=\"bwg-item\">        <a class=\"bwg-a  bwg_lightbox\"  data-image-id=\"39\" href=\"https:\/\/www.ralf-krenzke.de\/brauen-mit-den-gruenen\/wp-content\/uploads\/photo-gallery\/41.jpg?bwg=1524325176\" data-elementor-open-lightbox=\"no\">                <div class=\"bwg-item0 \">          <div class=\"bwg-item1 \">            <div class=\"bwg-item2\">              <img decoding=\"async\" class=\"skip-lazy bwg_standart_thumb_img_0 \"                   data-id=\"39\"                   data-width=\"375\"                   data-height=\"500\"                   data-src=\"https:\/\/www.ralf-krenzke.de\/brauen-mit-den-gruenen\/wp-content\/uploads\/photo-gallery\/thumb\/41.jpg?bwg=1524325176\"                   src=\"https:\/\/www.ralf-krenzke.de\/brauen-mit-den-gruenen\/wp-content\/uploads\/photo-gallery\/thumb\/41.jpg?bwg=1524325176\"                   alt=\"Abf\u00fcllen der Speisung f\u00fcr die Nachg\u00e4rung\"                   title=\"Abf\u00fcllen der Speisung f\u00fcr die Nachg\u00e4rung\" \/>            <\/div>            <div class=\"\">                                                      <\/div>          <\/div>        <\/div>                <div class=\"bwg-title1\"><div class=\"bwg-title2\">Abf\u00fcllen der Speisung f\u00fcr die Nachg\u00e4rung<\/div><\/div>        <\/a>              <\/div>            <div class=\"bwg-item\">        <a class=\"bwg-a  bwg_lightbox\"  data-image-id=\"37\" href=\"https:\/\/www.ralf-krenzke.de\/brauen-mit-den-gruenen\/wp-content\/uploads\/photo-gallery\/42.jpg?bwg=1524325235\" data-elementor-open-lightbox=\"no\">                <div class=\"bwg-item0 \">          <div class=\"bwg-item1 \">            <div class=\"bwg-item2\">              <img decoding=\"async\" class=\"skip-lazy bwg_standart_thumb_img_0 \"                   data-id=\"37\"                   data-width=\"375\"                   data-height=\"500\"                   data-src=\"https:\/\/www.ralf-krenzke.de\/brauen-mit-den-gruenen\/wp-content\/uploads\/photo-gallery\/thumb\/42.jpg?bwg=1524325235\"                   src=\"https:\/\/www.ralf-krenzke.de\/brauen-mit-den-gruenen\/wp-content\/uploads\/photo-gallery\/thumb\/42.jpg?bwg=1524325235\"                   alt=\"Je Fass werden 1 Liter Speisung abgef\u00fcllt\"                   title=\"Je Fass werden 1 Liter Speisung abgef\u00fcllt\" \/>            <\/div>            <div class=\"\">                                                      <\/div>          <\/div>        <\/div>                <div class=\"bwg-title1\"><div class=\"bwg-title2\">Je Fass werden 1 Liter Speisung abgef\u00fcllt<\/div><\/div>        <\/a>              <\/div>            <div class=\"bwg-item\">        <a class=\"bwg-a  bwg_lightbox\"  data-image-id=\"40\" href=\"https:\/\/www.ralf-krenzke.de\/brauen-mit-den-gruenen\/wp-content\/uploads\/photo-gallery\/43.jpg?bwg=1524325241\" data-elementor-open-lightbox=\"no\">                <div class=\"bwg-item0 \">          <div class=\"bwg-item1 \">            <div class=\"bwg-item2\">              <img decoding=\"async\" class=\"skip-lazy bwg_standart_thumb_img_0 \"                   data-id=\"40\"                   data-width=\"375\"                   data-height=\"500\"                   data-src=\"https:\/\/www.ralf-krenzke.de\/brauen-mit-den-gruenen\/wp-content\/uploads\/photo-gallery\/thumb\/43.jpg?bwg=1524325241\"                   src=\"https:\/\/www.ralf-krenzke.de\/brauen-mit-den-gruenen\/wp-content\/uploads\/photo-gallery\/thumb\/43.jpg?bwg=1524325241\"                   alt=\"Gemessene Stammw\u00fcrze Fass 1: 12,2 Grad Plato bei 25 Grad C\"                   title=\"Gemessene Stammw\u00fcrze Fass 1: 12,2 Grad Plato bei 25 Grad C\" \/>            <\/div>            <div class=\"\">                                                      <\/div>          <\/div>        <\/div>                <div class=\"bwg-title1\"><div class=\"bwg-title2\">Gemessene Stammw\u00fcrze Fass 1: 12,2 Grad Plato bei 25 Grad C<\/div><\/div>        <\/a>              <\/div>            <div class=\"bwg-item\">        <a class=\"bwg-a  bwg_lightbox\"  data-image-id=\"35\" href=\"https:\/\/www.ralf-krenzke.de\/brauen-mit-den-gruenen\/wp-content\/uploads\/photo-gallery\/44.jpg?bwg=1524325249\" data-elementor-open-lightbox=\"no\">                <div class=\"bwg-item0 \">          <div class=\"bwg-item1 \">            <div class=\"bwg-item2\">              <img decoding=\"async\" class=\"skip-lazy bwg_standart_thumb_img_0 \"                   data-id=\"35\"                   data-width=\"375\"                   data-height=\"500\"                   data-src=\"https:\/\/www.ralf-krenzke.de\/brauen-mit-den-gruenen\/wp-content\/uploads\/photo-gallery\/thumb\/44.jpg?bwg=1524325249\"                   src=\"https:\/\/www.ralf-krenzke.de\/brauen-mit-den-gruenen\/wp-content\/uploads\/photo-gallery\/thumb\/44.jpg?bwg=1524325249\"                   alt=\"Gemessene Stammw\u00fcrze Fass 2: 12,4 Grad Plato bei 25 Grad C\"                   title=\"Gemessene Stammw\u00fcrze Fass 2: 12,4 Grad Plato bei 25 Grad C\" \/>            <\/div>            <div class=\"\">                                                      <\/div>          <\/div>        <\/div>                <div class=\"bwg-title1\"><div class=\"bwg-title2\">Gemessene Stammw\u00fcrze Fass 2: 12,4 Grad Plato bei 25 Grad C<\/div><\/div>        <\/a>              <\/div>            <div class=\"bwg-item\">        <a class=\"bwg-a  bwg_lightbox\"  data-image-id=\"36\" href=\"https:\/\/www.ralf-krenzke.de\/brauen-mit-den-gruenen\/wp-content\/uploads\/photo-gallery\/45.jpg\" data-elementor-open-lightbox=\"no\">                <div class=\"bwg-item0 \">          <div class=\"bwg-item1 \">            <div class=\"bwg-item2\">              <img decoding=\"async\" class=\"skip-lazy bwg_standart_thumb_img_0 \"                   data-id=\"36\"                   data-width=\"500\"                   data-height=\"375\"                   data-src=\"https:\/\/www.ralf-krenzke.de\/brauen-mit-den-gruenen\/wp-content\/uploads\/photo-gallery\/thumb\/45.jpg\"                   src=\"https:\/\/www.ralf-krenzke.de\/brauen-mit-den-gruenen\/wp-content\/uploads\/photo-gallery\/thumb\/45.jpg\"                   alt=\"Die Hefe wird in lauwarmem Wasser angesetzt\"                   title=\"Die Hefe wird in lauwarmem Wasser angesetzt\" \/>            <\/div>            <div class=\"\">                                                      <\/div>          <\/div>        <\/div>                <div class=\"bwg-title1\"><div class=\"bwg-title2\">Die Hefe wird in lauwarmem Wasser angesetzt<\/div><\/div>        <\/a>              <\/div>            <div class=\"bwg-item\">        <a class=\"bwg-a  bwg_lightbox\"  data-image-id=\"34\" href=\"https:\/\/www.ralf-krenzke.de\/brauen-mit-den-gruenen\/wp-content\/uploads\/photo-gallery\/46.jpg\" data-elementor-open-lightbox=\"no\">                <div class=\"bwg-item0 \">          <div class=\"bwg-item1 \">            <div class=\"bwg-item2\">              <img decoding=\"async\" class=\"skip-lazy bwg_standart_thumb_img_0 \"                   data-id=\"34\"                   data-width=\"500\"                   data-height=\"375\"                   data-src=\"https:\/\/www.ralf-krenzke.de\/brauen-mit-den-gruenen\/wp-content\/uploads\/photo-gallery\/thumb\/46.jpg\"                   src=\"https:\/\/www.ralf-krenzke.de\/brauen-mit-den-gruenen\/wp-content\/uploads\/photo-gallery\/thumb\/46.jpg\"                   alt=\"Zugabe der Hefe zur W\u00fcrze\"                   title=\"Zugabe der Hefe zur W\u00fcrze\" \/>            <\/div>            <div class=\"\">                                                      <\/div>          <\/div>        <\/div>                <div class=\"bwg-title1\"><div class=\"bwg-title2\">Zugabe der Hefe zur W\u00fcrze<\/div><\/div>        <\/a>              <\/div>            <div class=\"bwg-item\">        <a class=\"bwg-a  bwg_lightbox\"  data-image-id=\"33\" href=\"https:\/\/www.ralf-krenzke.de\/brauen-mit-den-gruenen\/wp-content\/uploads\/photo-gallery\/47.jpg?bwg=1524325258\" data-elementor-open-lightbox=\"no\">                <div class=\"bwg-item0 \">          <div class=\"bwg-item1 \">            <div class=\"bwg-item2\">              <img decoding=\"async\" class=\"skip-lazy bwg_standart_thumb_img_0 \"                   data-id=\"33\"                   data-width=\"375\"                   data-height=\"500\"                   data-src=\"https:\/\/www.ralf-krenzke.de\/brauen-mit-den-gruenen\/wp-content\/uploads\/photo-gallery\/thumb\/47.jpg?bwg=1524325258\"                   src=\"https:\/\/www.ralf-krenzke.de\/brauen-mit-den-gruenen\/wp-content\/uploads\/photo-gallery\/thumb\/47.jpg?bwg=1524325258\"                   alt=\"Resthefe aus dem Glas kommt in die Messzylinder\"                   title=\"Resthefe aus dem Glas kommt in die Messzylinder\" \/>            <\/div>            <div class=\"\">                                                      <\/div>          <\/div>        <\/div>                <div class=\"bwg-title1\"><div class=\"bwg-title2\">Resthefe aus dem Glas kommt in die Messzylinder<\/div><\/div>        <\/a>              <\/div>            <div class=\"bwg-item\">        <a class=\"bwg-a  bwg_lightbox\"  data-image-id=\"43\" href=\"https:\/\/www.ralf-krenzke.de\/brauen-mit-den-gruenen\/wp-content\/uploads\/photo-gallery\/60.jpg?bwg=1524686057\" data-elementor-open-lightbox=\"no\">                <div class=\"bwg-item0 \">          <div class=\"bwg-item1 \">            <div class=\"bwg-item2\">              <img decoding=\"async\" class=\"skip-lazy bwg_standart_thumb_img_0 \"                   data-id=\"43\"                   data-width=\"375\"                   data-height=\"500\"                   data-src=\"https:\/\/www.ralf-krenzke.de\/brauen-mit-den-gruenen\/wp-content\/uploads\/photo-gallery\/thumb\/60.jpg?bwg=1524686057\"                   src=\"https:\/\/www.ralf-krenzke.de\/brauen-mit-den-gruenen\/wp-content\/uploads\/photo-gallery\/thumb\/60.jpg?bwg=1524686057\"                   alt=\"Restw\u00fcrze nach vollst\u00e4ndiger G\u00e4rung 4,5 Grad Plato\"                   title=\"Restw\u00fcrze nach vollst\u00e4ndiger G\u00e4rung 4,5 Grad Plato\" \/>            <\/div>            <div class=\"\">                                                      <\/div>          <\/div>        <\/div>                <div class=\"bwg-title1\"><div class=\"bwg-title2\">Restw\u00fcrze nach vollst\u00e4ndiger G\u00e4rung 4,5 Grad Plato<\/div><\/div>        <\/a>              <\/div>            <div class=\"bwg-item\">        <a class=\"bwg-a  bwg_lightbox\"  data-image-id=\"44\" href=\"https:\/\/www.ralf-krenzke.de\/brauen-mit-den-gruenen\/wp-content\/uploads\/photo-gallery\/61.jpg\" data-elementor-open-lightbox=\"no\">                <div class=\"bwg-item0 \">          <div class=\"bwg-item1 \">            <div class=\"bwg-item2\">              <img decoding=\"async\" class=\"skip-lazy bwg_standart_thumb_img_0 \"                   data-id=\"44\"                   data-width=\"375\"                   data-height=\"500\"                   data-src=\"https:\/\/www.ralf-krenzke.de\/brauen-mit-den-gruenen\/wp-content\/uploads\/photo-gallery\/thumb\/61.jpg\"                   src=\"https:\/\/www.ralf-krenzke.de\/brauen-mit-den-gruenen\/wp-content\/uploads\/photo-gallery\/thumb\/61.jpg\"                   alt=\"30 ml W\u00fcrzespeisung pro 0,5 Liter Flasche\"                   title=\"30 ml W\u00fcrzespeisung pro 0,5 Liter Flasche\" \/>            <\/div>            <div class=\"\">                                                      <\/div>          <\/div>        <\/div>                <div class=\"bwg-title1\"><div class=\"bwg-title2\">30 ml W\u00fcrzespeisung pro 0,5 Liter Flasche<\/div><\/div>        <\/a>              <\/div>            <div class=\"bwg-item\">        <a class=\"bwg-a  bwg_lightbox\"  data-image-id=\"45\" href=\"https:\/\/www.ralf-krenzke.de\/brauen-mit-den-gruenen\/wp-content\/uploads\/photo-gallery\/62.jpg?bwg=1524686445\" data-elementor-open-lightbox=\"no\">                <div class=\"bwg-item0 \">          <div class=\"bwg-item1 \">            <div class=\"bwg-item2\">              <img decoding=\"async\" class=\"skip-lazy bwg_standart_thumb_img_0 \"                   data-id=\"45\"                   data-width=\"375\"                   data-height=\"500\"                   data-src=\"https:\/\/www.ralf-krenzke.de\/brauen-mit-den-gruenen\/wp-content\/uploads\/photo-gallery\/thumb\/62.jpg?bwg=1524686445\"                   src=\"https:\/\/www.ralf-krenzke.de\/brauen-mit-den-gruenen\/wp-content\/uploads\/photo-gallery\/thumb\/62.jpg?bwg=1524686445\"                   alt=\"Danach wird &quot;geschlaucht&quot;\"                   title=\"Danach wird &quot;geschlaucht&quot;\" \/>            <\/div>            <div class=\"\">                                                      <\/div>          <\/div>        <\/div>                <div class=\"bwg-title1\"><div class=\"bwg-title2\">Danach wird \"geschlaucht\"<\/div><\/div>        <\/a>              <\/div>            <div class=\"bwg-item\">        <a class=\"bwg-a  bwg_lightbox\"  data-image-id=\"46\" href=\"https:\/\/www.ralf-krenzke.de\/brauen-mit-den-gruenen\/wp-content\/uploads\/photo-gallery\/63.jpg\" data-elementor-open-lightbox=\"no\">                <div class=\"bwg-item0 \">          <div class=\"bwg-item1 \">            <div class=\"bwg-item2\">              <img decoding=\"async\" class=\"skip-lazy bwg_standart_thumb_img_0 \"                   data-id=\"46\"                   data-width=\"500\"                   data-height=\"375\"                   data-src=\"https:\/\/www.ralf-krenzke.de\/brauen-mit-den-gruenen\/wp-content\/uploads\/photo-gallery\/thumb\/63.jpg\"                   src=\"https:\/\/www.ralf-krenzke.de\/brauen-mit-den-gruenen\/wp-content\/uploads\/photo-gallery\/thumb\/63.jpg\"                   alt=\"Das erste Fass ...\"                   title=\"Das erste Fass ...\" \/>            <\/div>            <div class=\"\">                                                      <\/div>          <\/div>        <\/div>                <div class=\"bwg-title1\"><div class=\"bwg-title2\">Das erste Fass ...<\/div><\/div>        <\/a>              <\/div>            <div class=\"bwg-item\">        <a class=\"bwg-a  bwg_lightbox\"  data-image-id=\"47\" href=\"https:\/\/www.ralf-krenzke.de\/brauen-mit-den-gruenen\/wp-content\/uploads\/photo-gallery\/64.jpg\" data-elementor-open-lightbox=\"no\">                <div class=\"bwg-item0 \">          <div class=\"bwg-item1 \">            <div class=\"bwg-item2\">              <img decoding=\"async\" class=\"skip-lazy bwg_standart_thumb_img_0 \"                   data-id=\"47\"                   data-width=\"500\"                   data-height=\"375\"                   data-src=\"https:\/\/www.ralf-krenzke.de\/brauen-mit-den-gruenen\/wp-content\/uploads\/photo-gallery\/thumb\/64.jpg\"                   src=\"https:\/\/www.ralf-krenzke.de\/brauen-mit-den-gruenen\/wp-content\/uploads\/photo-gallery\/thumb\/64.jpg\"                   alt=\"... und das zweite Fass\"                   title=\"... und das zweite Fass\" \/>            <\/div>            <div class=\"\">                                                      <\/div>          <\/div>        <\/div>                <div class=\"bwg-title1\"><div class=\"bwg-title2\">... und das zweite Fass<\/div><\/div>        <\/a>              <\/div>            <div class=\"bwg-item\">        <a class=\"bwg-a  bwg_lightbox\"  data-image-id=\"55\" href=\"https:\/\/www.ralf-krenzke.de\/brauen-mit-den-gruenen\/wp-content\/uploads\/photo-gallery\/90.jpg\" data-elementor-open-lightbox=\"no\">                <div class=\"bwg-item0 \">          <div class=\"bwg-item1 \">            <div class=\"bwg-item2\">              <img decoding=\"async\" class=\"skip-lazy bwg_standart_thumb_img_0 \"                   data-id=\"55\"                   data-width=\"500\"                   data-height=\"305\"                   data-src=\"https:\/\/www.ralf-krenzke.de\/brauen-mit-den-gruenen\/wp-content\/uploads\/photo-gallery\/thumb\/90.jpg\"                   src=\"https:\/\/www.ralf-krenzke.de\/brauen-mit-den-gruenen\/wp-content\/uploads\/photo-gallery\/thumb\/90.jpg\"                   alt=\"Rezept Sud 1\"                   title=\"Rezept Sud 1\" \/>            <\/div>            <div class=\"\">                                                      <\/div>          <\/div>        <\/div>                <div class=\"bwg-title1\"><div class=\"bwg-title2\">Rezept Sud 1<\/div><\/div>        <\/a>              <\/div>            <div class=\"bwg-item\">        <a class=\"bwg-a  bwg_lightbox\"  data-image-id=\"56\" href=\"https:\/\/www.ralf-krenzke.de\/brauen-mit-den-gruenen\/wp-content\/uploads\/photo-gallery\/91.jpg\" data-elementor-open-lightbox=\"no\">                <div class=\"bwg-item0 \">          <div class=\"bwg-item1 \">            <div class=\"bwg-item2\">              <img decoding=\"async\" class=\"skip-lazy bwg_standart_thumb_img_0 \"                   data-id=\"56\"                   data-width=\"500\"                   data-height=\"305\"                   data-src=\"https:\/\/www.ralf-krenzke.de\/brauen-mit-den-gruenen\/wp-content\/uploads\/photo-gallery\/thumb\/91.jpg\"                   src=\"https:\/\/www.ralf-krenzke.de\/brauen-mit-den-gruenen\/wp-content\/uploads\/photo-gallery\/thumb\/91.jpg\"                   alt=\"Rezept Sud 2\"                   title=\"Rezept Sud 2\" \/>            <\/div>            <div class=\"\">                                                      <\/div>          <\/div>        <\/div>                <div class=\"bwg-title1\"><div class=\"bwg-title2\">Rezept Sud 2<\/div><\/div>        <\/a>              <\/div>            <div class=\"bwg-item\">        <a class=\"bwg-a  bwg_lightbox\"  data-image-id=\"57\" href=\"https:\/\/www.ralf-krenzke.de\/brauen-mit-den-gruenen\/wp-content\/uploads\/photo-gallery\/92.jpg\" data-elementor-open-lightbox=\"no\">                <div class=\"bwg-item0 \">          <div class=\"bwg-item1 \">            <div class=\"bwg-item2\">              <img decoding=\"async\" class=\"skip-lazy bwg_standart_thumb_img_0 \"                   data-id=\"57\"                   data-width=\"500\"                   data-height=\"305\"                   data-src=\"https:\/\/www.ralf-krenzke.de\/brauen-mit-den-gruenen\/wp-content\/uploads\/photo-gallery\/thumb\/92.jpg\"                   src=\"https:\/\/www.ralf-krenzke.de\/brauen-mit-den-gruenen\/wp-content\/uploads\/photo-gallery\/thumb\/92.jpg\"                   alt=\"Rezept Sud 3\"                   title=\"Rezept Sud 3\" \/>            <\/div>            <div class=\"\">                                                      <\/div>          <\/div>        <\/div>                <div class=\"bwg-title1\"><div class=\"bwg-title2\">Rezept Sud 3<\/div><\/div>        <\/a>              <\/div>            <div class=\"bwg-item\">        <a class=\"bwg-a  bwg_lightbox\"  data-image-id=\"51\" href=\"https:\/\/www.ralf-krenzke.de\/brauen-mit-den-gruenen\/wp-content\/uploads\/photo-gallery\/BMF.jpg\" data-elementor-open-lightbox=\"no\">                <div class=\"bwg-item0 \">          <div class=\"bwg-item1 \">            <div class=\"bwg-item2\">              <img decoding=\"async\" class=\"skip-lazy bwg_standart_thumb_img_0 \"                   data-id=\"51\"                   data-width=\"500\"                   data-height=\"375\"                   data-src=\"https:\/\/www.ralf-krenzke.de\/brauen-mit-den-gruenen\/wp-content\/uploads\/photo-gallery\/thumb\/BMF.jpg\"                   src=\"https:\/\/www.ralf-krenzke.de\/brauen-mit-den-gruenen\/wp-content\/uploads\/photo-gallery\/thumb\/BMF.jpg\"                   alt=\"Zum Wohl!\"                   title=\"Zum Wohl!\" \/>            <\/div>            <div class=\"\">                                                      <\/div>          <\/div>        <\/div>                <div class=\"bwg-title1\"><div class=\"bwg-title2\">Zum Wohl!<\/div><\/div>        <\/a>              <\/div>          <\/div>    <style>      \/*pagination styles*\/      #bwg_container1_0 #bwg_container2_0 .tablenav-pages_0 {\t\t\t\ttext-align: center;\t\t\t\tfont-size: 12px;\t\t\t\tfont-family: segoe ui;\t\t\t\tfont-weight: bold;\t\t\t\tcolor: #666666;\t\t\t\tmargin: 6px 0 4px;\t\t\t\tdisplay: block;      }      @media only screen and (max-width : 320px) {      #bwg_container1_0 #bwg_container2_0 .displaying-num_0 {     \t display: none;      }      }      #bwg_container1_0 #bwg_container2_0 .displaying-num_0 {\t\t\t\tfont-size: 12px;\t\t\t\tfont-family: segoe ui;\t\t\t\tfont-weight: bold;\t\t\t\tcolor: #666666;\t\t\t\tmargin-right: 10px;\t\t\t\tvertical-align: middle;      }      #bwg_container1_0 #bwg_container2_0 .paging-input_0 {\t\t\t\tfont-size: 12px;\t\t\t\tfont-family: segoe ui;\t\t\t\tfont-weight: bold;\t\t\t\tcolor: #666666;\t\t\t\tvertical-align: middle;      }      #bwg_container1_0 #bwg_container2_0 .tablenav-pages_0 a.disabled,      #bwg_container1_0 #bwg_container2_0 .tablenav-pages_0 a.disabled:hover,      #bwg_container1_0 #bwg_container2_0 .tablenav-pages_0 a.disabled:focus,\t\t\t#bwg_container1_0 #bwg_container2_0 .tablenav-pages_0 input.bwg_current_page {\t\t\t\tcursor: default;\t\t\t\tcolor: rgba(102, 102, 102, 0.5);      }      #bwg_container1_0 #bwg_container2_0 .tablenav-pages_0 a,      #bwg_container1_0 #bwg_container2_0 .tablenav-pages_0 input.bwg_current_page {\t\t\t\tcursor: pointer;\t\t\t\ttext-align: center;\t\t\t\tfont-size: 12px;\t\t\t\tfont-family: segoe ui;\t\t\t\tfont-weight: bold;\t\t\t\tcolor: #666666;\t\t\t\ttext-decoration: none;\t\t\t\tpadding: 3px 6px;\t\t\t\tmargin: 0;\t\t\t\tborder-radius: 0;\t\t\t\tborder-style: solid;\t\t\t\tborder-width: 1px;\t\t\t\tborder-color: #E3E3E3;\t\t\t\t\t\t\t\tbackground-color: rgba(255, 255, 255, 1.00);\t\t\t\tbox-shadow: 0;\t\t\t\ttransition: all 0.3s ease 0s;-webkit-transition: all 0.3s ease 0s;      }      <\/style>      <span class=\"bwg_nav_cont_0\">              <div class=\"tablenav-pages_0\">                  <\/div>                <input type=\"hidden\" id=\"page_number_0\" name=\"page_number_0\" value=\"1\" \/>      <script type=\"text\/javascript\">        if( jQuery('.bwg_nav_cont_0').length > 1 ) {          jQuery('.bwg_nav_cont_0').first().remove()        }        function spider_page_0(cur, x, y, load_more) {          if (typeof load_more == \"undefined\") {            var load_more = false;          }          if (jQuery(cur).hasClass('disabled')) {            return false;          }          var items_county_0 = 1;          switch (y) {            case 1:              if (x >= items_county_0) {                document.getElementById('page_number_0').value = items_county_0;              }              else {                document.getElementById('page_number_0').value = x + 1;              }              break;            case 2:              document.getElementById('page_number_0').value = items_county_0;              break;            case -1:              if (x == 1) {                document.getElementById('page_number_0').value = 1;              }              else {                document.getElementById('page_number_0').value = x - 1;              }              break;            case -2:              document.getElementById('page_number_0').value = 1;              break;\t\t\t\t\t\tcase 0:              document.getElementById('page_number_0').value = x;              break;            default:              document.getElementById('page_number_0').value = 1;          }          bwg_ajax('gal_front_form_0', '0', 'bwg_thumbnails_0', '0', '', 'gallery', 0, '', '', load_more, '', 1);        }                    jQuery('.first-page-0').on('click', function () {              spider_page_0(this, 1, -2, 'numeric');              return false;            });            jQuery('.prev-page-0').on('click', function () {              spider_page_0(this, 1, -1, 'numeric');              return false;            });            jQuery('.next-page-0').on('click', function () {              spider_page_0(this, 1, 1, 'numeric');              return false;            });            jQuery('.last-page-0').on('click', function () {              spider_page_0(this, 1, 2, 'numeric');              return false;            });        \t\t\t\t\/* Change page on input enter. *\/        function bwg_change_page_0( e, that ) {          if (  e.key == 'Enter' ) {            var to_page = parseInt(jQuery(that).val());            var pages_count = jQuery(that).parents(\".pagination-links\").data(\"pages-count\");            var current_url_param = jQuery(that).attr('data-url-info');            if (to_page > pages_count) {              to_page = 1;            }\t \t\t\t\t\t\t\t\t\t\t\t\tspider_page_0(this, to_page, 0, 'numeric');\t\t\t\t\t\t\treturn false;\t\t\t\t\t\t          }          return true;        }        jQuery('.bwg_load_btn_0').on('click', function () {            spider_page_0(this, 1, 1, true);            return false;        });      <\/script>      <\/span>                <\/div>        <\/form>        <style>          #bwg_container1_0 #bwg_container2_0 #spider_popup_overlay_0 {          background-color: #EEEEEE;          opacity: 0.60;          }          <\/style>        <div id=\"bwg_spider_popup_loading_0\" class=\"bwg_spider_popup_loading\"><\/div>        <div id=\"spider_popup_overlay_0\" class=\"spider_popup_overlay\" onclick=\"spider_destroypopup(1000)\"><\/div>        <input type=\"hidden\" id=\"bwg_random_seed_0\" value=\"813455977\">                <\/div>    <\/div>    <script>      if (document.readyState === 'complete') {        if( typeof bwg_main_ready == 'function' ) {          if ( jQuery(\"#bwg_container1_0\").height() ) {            bwg_main_ready(jQuery(\"#bwg_container1_0\"));          }        }      } else {        document.addEventListener('DOMContentLoaded', function() {          if( typeof bwg_main_ready == 'function' ) {            if ( jQuery(\"#bwg_container1_0\").height() ) {             bwg_main_ready(jQuery(\"#bwg_container1_0\"));            }          }        });      }    <\/script>    \n","protected":false},"excerpt":{"rendered":"<p>Vielen Dank an alle Teilnehmerinnen und Teilnehmer des Brauseminars mit den Gr\u00fcnen aus St. Leon-Rot am 20.04.2018 im Wersauer Hof. Wir hoffen es hat euch genauso viel Spa\u00df gemacht wie uns und ihr habt w\u00e4hrend dem Event etwas \u00fcber Bier und das Brauen gelernt. Der &#8222;Fotoblog&#8220; wird fortlaufend aktualisiert bis das edle Getr\u00e4nk seinen Weg &hellip; <\/p>\n<p class=\"link-more\"><a href=\"https:\/\/www.ralf-krenzke.de\/brauen-mit-den-gruenen\/fotogalerie\/\" class=\"more-link\"><span class=\"screen-reader-text\">\u201eFotogalerie\u201c <\/span>weiterlesen<\/a><\/p>\n","protected":false},"author":1,"featured_media":0,"parent":0,"menu_order":0,"comment_status":"closed","ping_status":"closed","template":"","meta":{"footnotes":""},"class_list":["post-126","page","type-page","status-publish","hentry"],"_links":{"self":[{"href":"https:\/\/www.ralf-krenzke.de\/brauen-mit-den-gruenen\/wp-json\/wp\/v2\/pages\/126","targetHints":{"allow":["GET"]}}],"collection":[{"href":"https:\/\/www.ralf-krenzke.de\/brauen-mit-den-gruenen\/wp-json\/wp\/v2\/pages"}],"about":[{"href":"https:\/\/www.ralf-krenzke.de\/brauen-mit-den-gruenen\/wp-json\/wp\/v2\/types\/page"}],"author":[{"embeddable":true,"href":"https:\/\/www.ralf-krenzke.de\/brauen-mit-den-gruenen\/wp-json\/wp\/v2\/users\/1"}],"replies":[{"embeddable":true,"href":"https:\/\/www.ralf-krenzke.de\/brauen-mit-den-gruenen\/wp-json\/wp\/v2\/comments?post=126"}],"version-history":[{"count":10,"href":"https:\/\/www.ralf-krenzke.de\/brauen-mit-den-gruenen\/wp-json\/wp\/v2\/pages\/126\/revisions"}],"predecessor-version":[{"id":212,"href":"https:\/\/www.ralf-krenzke.de\/brauen-mit-den-gruenen\/wp-json\/wp\/v2\/pages\/126\/revisions\/212"}],"wp:attachment":[{"href":"https:\/\/www.ralf-krenzke.de\/brauen-mit-den-gruenen\/wp-json\/wp\/v2\/media?parent=126"}],"curies":[{"name":"wp","href":"https:\/\/api.w.org\/{rel}","templated":true}]}}